{"id":28852,"date":"2024-01-19T08:18:34","date_gmt":"2024-01-19T07:18:34","guid":{"rendered":"https:\/\/vtcannecy.fr\/mentions-legales\/"},"modified":"2025-01-30T10:42:30","modified_gmt":"2025-01-30T09:42:30","slug":"rechtshinweise","status":"publish","type":"page","link":"https:\/\/vtcannecy.fr\/de\/mentions-legales\/","title":{"rendered":"Rechtliche Hinweise"},"content":{"rendered":"<div data-elementor-type=\"wp-page\" data-elementor-id=\"28852\" class=\"elementor elementor-28852\" data-elementor-post-type=\"page\">\n\t\t\t\t\t\t<section class=\"elementor-section elementor-top-section elementor-element elementor-element-74948b0f elementor-section-boxed elementor-section-height-default elementor-section-height-default\" data-id=\"74948b0f\" data-element_type=\"section\" data-e-type=\"section\">\n\t\t\t\t\t\t<div class=\"elementor-container elementor-column-gap-default\">\n\t\t\t\t\t<div class=\"elementor-column elementor-col-100 elementor-top-column elementor-element elementor-element-1141bb61\" data-id=\"1141bb61\" data-element_type=\"column\" data-e-type=\"column\">\n\t\t\t<div class=\"elementor-widget-wrap elementor-element-populated\">\n\t\t\t\t\t\t<div class=\"elementor-element elementor-element-7fe4dde4 elementor-widget elementor-widget-heading\" data-id=\"7fe4dde4\" data-element_type=\"widget\" data-e-type=\"widget\" data-widget_type=\"heading.default\">\n\t\t\t\t<div class=\"elementor-widget-container\">\n\t\t\t\t\t<h1 class=\"elementor-heading-title elementor-size-default\">Rechtlicher Hinweis<\/h1>\t\t\t\t<\/div>\n\t\t\t\t<\/div>\n\t\t\t\t<div class=\"elementor-element elementor-element-1ddfb609 elementor-widget elementor-widget-text-editor\" data-id=\"1ddfb609\" data-element_type=\"widget\" data-e-type=\"widget\" data-widget_type=\"text-editor.default\">\n\t\t\t\t<div class=\"elementor-widget-container\">\n\t\t\t\t\t\t\t\t\t<p><b>Die Website vtcannecy.fr wird herausgegeben von:<\/b><\/p><p>WebAudit Frankreich<br \/>6 avenue Jean Jaur\u00e8s, 73000 Chamb\u00e9ry<br \/>Gesellschaft mit beschr\u00e4nkter Haftung mit einem Kapital von 600 \u20ac<br \/>RCS Chamb\u00e9ry 823 628 698<br \/>contact(@)webaudit.fr<\/p><p><b>Die Website vtcannecy.fr wird ver\u00f6ffentlicht f\u00fcr: <\/b><\/p><p>Firmenname: FORMULESpro<br \/>Handelsname: Oui VTC Annecy<br \/>Adresse: 751 ROUTE DE LA BLONNIERE 74230 DINGY-SAINT-CLAIR<br \/>SIRET: 49998910100047<br \/>Umsatzsteuer-Identifikationsnummer: FR55499989101<br \/>Erstellungsdatum: 20.09.2007<br \/>Stammkapital: 15.000,00 \u20ac<br \/>Verlagsleiter: JEAN-CHRISTOPHE REY<br \/>Telefon: +33 6 62 40 30 40<\/p><p>Die Website Ihres privaten Fahrers in Annecy wurde vom Team von\u00a0\u00a0<a href=\"https:\/\/webaudit.fr\/vtc\" target=\"_blank\" rel=\"noopener\">Webaudit, Spezialisten f\u00fcr die Erstellung von Webseiten f\u00fcr Privatfahrer<\/a>\u00a0mit nat\u00fcrlichen Bez\u00fcgen.<\/p><p>Erfahren Sie mehr auf\u00a0<a href=\"https:\/\/annuaire-vtc-france.fr\/\">annuaire-vtc-france.fr<\/a> alle <a href=\"https:\/\/annuaire-vtc-france.fr\/vtc-74-haute-savoie\/\"><u>VTC (Private Hire Vehicle) in Haute-Savoie.<\/u><\/a><\/p><p><b>Hosting-Anbieter:<\/b><\/p><p>Infomaniak Network SA<br \/>25 Rue Eug\u00e8ne Marziano<br \/>1227 Les Acacias (GE)<br \/>Handelsregister des Kantons Genf: CH-660.0.059.996-1<br \/>IDE-Nummer: CHE-103.167.648<br \/>Umsatzsteuer-Identifikationsnummer: CHE-103.167.648<\/p><p><b>DSGVO-Bestimmungen, Datenschutz und Verwendung von Cookies:<\/b><\/p><p>Gem\u00e4\u00df den Anforderungen der Datenschutz-Grundverordnung (DSGVO) verpflichten wir uns zu Transparenz und dem Schutz Ihrer personenbezogenen Daten. Um genau zu verstehen, wie wir Ihre Daten erheben, verwenden und sch\u00fctzen sowie wie wir Cookies zur Verbesserung Ihrer Nutzererfahrung auf unserer Website einsetzen, lesen Sie bitte unsere Datenschutzerkl\u00e4rung. <a href=\"#gdpr_cookie_modal\">Informationszentrum zu DSGVO und Cookies<\/a>.<\/p><p style=\"text-align: justify;\">Durch Anklicken dieses Links erhalten Sie Zugriff auf unsere Datenschutzerkl\u00e4rung und unsere Cookie-Richtlinie, in denen unsere Datenschutz- und Cookie-Nutzungspraktiken sowie Ihre Rechte und Wahlm\u00f6glichkeiten in Bezug auf diese Informationen detailliert beschrieben werden.<\/p><p><b>Geistiges Eigentum<\/b><\/p><p>S\u00e4mtliche Inhalte dieser Website, einschlie\u00dflich, aber nicht beschr\u00e4nkt auf Grafiken, Bilder, Texte, Videos, Animationen, T\u00f6ne, Logos, GIFs und Icons sowie deren Formatierung, sind ausschlie\u00dfliches Eigentum von WEBAUDIT FRANCE SARL, mit Ausnahme von Marken, Logos oder Inhalten anderer Partnerunternehmen oder Autoren.<br \/>Jegliche Vervielf\u00e4ltigung, Verbreitung, \u00c4nderung, Anpassung, Weiterleitung oder Ver\u00f6ffentlichung dieser Elemente, auch auszugsweise, ist ohne die ausdr\u00fcckliche schriftliche Genehmigung von WEBAUDIT FRANCE SARL strengstens untersagt. Jede derartige Darstellung oder Vervielf\u00e4ltigung, gleich auf welchem Wege, stellt eine Urheberrechtsverletzung dar und ist gem\u00e4\u00df Artikel L.335-2 ff. des franz\u00f6sischen Gesetzes \u00fcber geistiges Eigentum strafbar. Die Nichtbeachtung dieses Verbots stellt eine Urheberrechtsverletzung dar und kann zivil- und strafrechtliche Folgen nach sich ziehen. Dar\u00fcber hinaus k\u00f6nnen die Inhaber der kopierten Inhalte rechtliche Schritte gegen die Urheber einleiten.<\/p>\t\t\t\t\t\t\t\t<\/div>\n\t\t\t\t<\/div>\n\t\t\t\t\t<\/div>\n\t\t<\/div>\n\t\t\t\t\t<\/div>\n\t\t<\/section>\n\t\t\t\t<\/div>","protected":false},"excerpt":{"rendered":"<p>Mentions l\u00e9gales Le site vtcannecy.fr est \u00e9dit\u00e9 par : WebAudit France6 avenue Jean Jaur\u00e8s, 73000 Chamb\u00e9rySARL au capital de 600\u20acRCS Chamb\u00e9ry 823 628 698contact(@)webaudit.fr Le site vtcannecy.fr est \u00e9dit\u00e9 pour : Raison sociale\u202f: FORMULESPRONom commercial\u202f: Oui VTC AnnecyAdresse\u202f: 751 ROUTE DE LA BLONNIERE 74230 DINGY-SAINT-CLAIRSIRET\u202f: 49998910100047Num\u00e9ro de TVA\u202f: FR55499989101Date de cr\u00e9ation\u202f: 20\/09\/2007Capital social\u202f: 15 000,00 [&hellip;]<\/p>\n","protected":false},"author":1,"featured_media":0,"parent":0,"menu_order":0,"comment_status":"closed","ping_status":"closed","template":"elementor_header_footer","meta":{"footnotes":""},"class_list":["post-28852","page","type-page","status-publish","hentry"],"yoast_head":"<!-- This site is optimized with the Yoast SEO plugin v27.2 - https:\/\/yoast.com\/product\/yoast-seo-wordpress\/ -->\n<title>Mentions L\u00e9gales - Oui VTC Annecy<\/title>\n<meta name=\"robots\" content=\"index, follow, max-snippet:-1, max-image-preview:large, max-video-preview:-1\" \/>\n<link rel=\"canonical\" href=\"https:\/\/vtcannecy.fr\/de\/rechtshinweise\/\" \/>\n<meta property=\"og:locale\" content=\"de_DE\" \/>\n<meta property=\"og:type\" content=\"article\" \/>\n<meta property=\"og:title\" content=\"Mentions L\u00e9gales - Oui VTC Annecy\" \/>\n<meta property=\"og:description\" content=\"Mentions l\u00e9gales Le site vtcannecy.fr est \u00e9dit\u00e9 par : WebAudit France6 avenue Jean Jaur\u00e8s, 73000 Chamb\u00e9rySARL au capital de 600\u20acRCS Chamb\u00e9ry 823 628 698contact(@)webaudit.fr Le site vtcannecy.fr est \u00e9dit\u00e9 pour : Raison sociale\u202f: FORMULESPRONom commercial\u202f: Oui VTC AnnecyAdresse\u202f: 751 ROUTE DE LA BLONNIERE 74230 DINGY-SAINT-CLAIRSIRET\u202f: 49998910100047Num\u00e9ro de TVA\u202f: FR55499989101Date de cr\u00e9ation\u202f: 20\/09\/2007Capital social\u202f: 15 000,00 [&hellip;]\" \/>\n<meta property=\"og:url\" content=\"https:\/\/vtcannecy.fr\/de\/rechtshinweise\/\" \/>\n<meta property=\"og:site_name\" content=\"Oui VTC Annecy\" \/>\n<meta property=\"article:modified_time\" content=\"2025-01-30T09:42:30+00:00\" \/>\n<meta name=\"twitter:card\" content=\"summary_large_image\" \/>\n<meta name=\"twitter:label1\" content=\"Gesch\u00e4tzte Lesezeit\" \/>\n\t<meta name=\"twitter:data1\" content=\"3\u00a0Minuten\" \/>\n<script type=\"application\/ld+json\" class=\"yoast-schema-graph\">{\"@context\":\"https:\/\/schema.org\",\"@graph\":[{\"@type\":\"WebPage\",\"@id\":\"https:\/\/vtcannecy.fr\/mentions-legales\/\",\"url\":\"https:\/\/vtcannecy.fr\/mentions-legales\/\",\"name\":\"Mentions L\u00e9gales - Oui VTC Annecy\",\"isPartOf\":{\"@id\":\"https:\/\/vtcannecy.fr\/#website\"},\"datePublished\":\"2024-01-19T07:18:34+00:00\",\"dateModified\":\"2025-01-30T09:42:30+00:00\",\"breadcrumb\":{\"@id\":\"https:\/\/vtcannecy.fr\/mentions-legales\/#breadcrumb\"},\"inLanguage\":\"de\",\"potentialAction\":[{\"@type\":\"ReadAction\",\"target\":[\"https:\/\/vtcannecy.fr\/mentions-legales\/\"]}]},{\"@type\":\"BreadcrumbList\",\"@id\":\"https:\/\/vtcannecy.fr\/mentions-legales\/#breadcrumb\",\"itemListElement\":[{\"@type\":\"ListItem\",\"position\":1,\"name\":\"Accueil\",\"item\":\"https:\/\/vtcannecy.fr\/\"},{\"@type\":\"ListItem\",\"position\":2,\"name\":\"Mentions L\u00e9gales\"}]},{\"@type\":\"WebSite\",\"@id\":\"https:\/\/vtcannecy.fr\/#website\",\"url\":\"https:\/\/vtcannecy.fr\/\",\"name\":\"Oui VTC Annecy\",\"description\":\"R\u00e9server Chauffeur priv\u00e9 VTC \u00e0 Annecy et en Haute-Savoie de 1 \u00e0 8 passagers pour tout type de transfert\",\"publisher\":{\"@id\":\"https:\/\/vtcannecy.fr\/#organization\"},\"potentialAction\":[{\"@type\":\"SearchAction\",\"target\":{\"@type\":\"EntryPoint\",\"urlTemplate\":\"https:\/\/vtcannecy.fr\/?s={search_term_string}\"},\"query-input\":{\"@type\":\"PropertyValueSpecification\",\"valueRequired\":true,\"valueName\":\"search_term_string\"}}],\"inLanguage\":\"de\"},{\"@type\":\"Organization\",\"@id\":\"https:\/\/vtcannecy.fr\/#organization\",\"name\":\"Oui VTC Annecy\",\"url\":\"https:\/\/vtcannecy.fr\/\",\"logo\":{\"@type\":\"ImageObject\",\"inLanguage\":\"de\",\"@id\":\"https:\/\/vtcannecy.fr\/#\/schema\/logo\/image\/\",\"url\":\"https:\/\/vtcannecy.fr\/wp-content\/uploads\/cropped-logo-oui-vtc-annecy-1.webp\",\"contentUrl\":\"https:\/\/vtcannecy.fr\/wp-content\/uploads\/cropped-logo-oui-vtc-annecy-1.webp\",\"width\":500,\"height\":332,\"caption\":\"Oui VTC Annecy\"},\"image\":{\"@id\":\"https:\/\/vtcannecy.fr\/#\/schema\/logo\/image\/\"}}]}<\/script>\n<!-- \/ Yoast SEO plugin. -->","yoast_head_json":{"title":"Rechtlicher Hinweis \u2013 Yes VTC Annecy","robots":{"index":"index","follow":"follow","max-snippet":"max-snippet:-1","max-image-preview":"max-image-preview:large","max-video-preview":"max-video-preview:-1"},"canonical":"https:\/\/vtcannecy.fr\/de\/rechtshinweise\/","og_locale":"de_DE","og_type":"article","og_title":"Mentions L\u00e9gales - Oui VTC Annecy","og_description":"Mentions l\u00e9gales Le site vtcannecy.fr est \u00e9dit\u00e9 par : WebAudit France6 avenue Jean Jaur\u00e8s, 73000 Chamb\u00e9rySARL au capital de 600\u20acRCS Chamb\u00e9ry 823 628 698contact(@)webaudit.fr Le site vtcannecy.fr est \u00e9dit\u00e9 pour : Raison sociale\u202f: FORMULESPRONom commercial\u202f: Oui VTC AnnecyAdresse\u202f: 751 ROUTE DE LA BLONNIERE 74230 DINGY-SAINT-CLAIRSIRET\u202f: 49998910100047Num\u00e9ro de TVA\u202f: FR55499989101Date de cr\u00e9ation\u202f: 20\/09\/2007Capital social\u202f: 15 000,00 [&hellip;]","og_url":"https:\/\/vtcannecy.fr\/de\/rechtshinweise\/","og_site_name":"Oui VTC Annecy","article_modified_time":"2025-01-30T09:42:30+00:00","twitter_card":"summary_large_image","twitter_misc":{"Gesch\u00e4tzte Lesezeit":"3\u00a0Minuten"},"schema":{"@context":"https:\/\/schema.org","@graph":[{"@type":"WebPage","@id":"https:\/\/vtcannecy.fr\/mentions-legales\/","url":"https:\/\/vtcannecy.fr\/mentions-legales\/","name":"Rechtlicher Hinweis \u2013 Yes VTC Annecy","isPartOf":{"@id":"https:\/\/vtcannecy.fr\/#website"},"datePublished":"2024-01-19T07:18:34+00:00","dateModified":"2025-01-30T09:42:30+00:00","breadcrumb":{"@id":"https:\/\/vtcannecy.fr\/mentions-legales\/#breadcrumb"},"inLanguage":"de","potentialAction":[{"@type":"ReadAction","target":["https:\/\/vtcannecy.fr\/mentions-legales\/"]}]},{"@type":"BreadcrumbList","@id":"https:\/\/vtcannecy.fr\/mentions-legales\/#breadcrumb","itemListElement":[{"@type":"ListItem","position":1,"name":"Accueil","item":"https:\/\/vtcannecy.fr\/"},{"@type":"ListItem","position":2,"name":"Mentions L\u00e9gales"}]},{"@type":"WebSite","@id":"https:\/\/vtcannecy.fr\/#website","url":"https:\/\/vtcannecy.fr\/","name":"Privater Fahrer in Annecy \u2013 Alle Strecken","description":"Buchen Sie in Annecy und Haute-Savoie einen privaten Chauffeurwagen f\u00fcr 1 bis 8 Fahrg\u00e4ste f\u00fcr jeden Transfertyp.","publisher":{"@id":"https:\/\/vtcannecy.fr\/#organization"},"potentialAction":[{"@type":"SearchAction","target":{"@type":"EntryPoint","urlTemplate":"https:\/\/vtcannecy.fr\/?s={search_term_string}"},"query-input":{"@type":"PropertyValueSpecification","valueRequired":true,"valueName":"search_term_string"}}],"inLanguage":"de"},{"@type":"Organization","@id":"https:\/\/vtcannecy.fr\/#organization","name":"Privater Fahrer in Annecy \u2013 Alle Strecken","url":"https:\/\/vtcannecy.fr\/","logo":{"@type":"ImageObject","inLanguage":"de","@id":"https:\/\/vtcannecy.fr\/#\/schema\/logo\/image\/","url":"https:\/\/vtcannecy.fr\/wp-content\/uploads\/cropped-logo-oui-vtc-annecy-1.webp","contentUrl":"https:\/\/vtcannecy.fr\/wp-content\/uploads\/cropped-logo-oui-vtc-annecy-1.webp","width":500,"height":332,"caption":"Oui VTC Annecy"},"image":{"@id":"https:\/\/vtcannecy.fr\/#\/schema\/logo\/image\/"}}]}},"_links":{"self":[{"href":"https:\/\/vtcannecy.fr\/de\/wp-json\/wp\/v2\/pages\/28852","targetHints":{"allow":["GET"]}}],"collection":[{"href":"https:\/\/vtcannecy.fr\/de\/wp-json\/wp\/v2\/pages"}],"about":[{"href":"https:\/\/vtcannecy.fr\/de\/wp-json\/wp\/v2\/types\/page"}],"author":[{"embeddable":true,"href":"https:\/\/vtcannecy.fr\/de\/wp-json\/wp\/v2\/users\/1"}],"replies":[{"embeddable":true,"href":"https:\/\/vtcannecy.fr\/de\/wp-json\/wp\/v2\/comments?post=28852"}],"version-history":[{"count":0,"href":"https:\/\/vtcannecy.fr\/de\/wp-json\/wp\/v2\/pages\/28852\/revisions"}],"wp:attachment":[{"href":"https:\/\/vtcannecy.fr\/de\/wp-json\/wp\/v2\/media?parent=28852"}],"curies":[{"name":"wp","href":"https:\/\/api.w.org\/{rel}","templated":true}]}}