{"id":28852,"date":"2024-01-19T08:18:34","date_gmt":"2024-01-19T07:18:34","guid":{"rendered":"https:\/\/vtcannecy.fr\/mentions-legales\/"},"modified":"2025-01-30T10:42:30","modified_gmt":"2025-01-30T09:42:30","slug":"note-legali","status":"publish","type":"page","link":"https:\/\/vtcannecy.fr\/it\/mentions-legales\/","title":{"rendered":"Note legali"},"content":{"rendered":"<div data-elementor-type=\"wp-page\" data-elementor-id=\"28852\" class=\"elementor elementor-28852\" data-elementor-post-type=\"page\">\n\t\t\t\t\t\t<section class=\"elementor-section elementor-top-section elementor-element elementor-element-74948b0f elementor-section-boxed elementor-section-height-default elementor-section-height-default\" data-id=\"74948b0f\" data-element_type=\"section\" data-e-type=\"section\">\n\t\t\t\t\t\t<div class=\"elementor-container elementor-column-gap-default\">\n\t\t\t\t\t<div class=\"elementor-column elementor-col-100 elementor-top-column elementor-element elementor-element-1141bb61\" data-id=\"1141bb61\" data-element_type=\"column\" data-e-type=\"column\">\n\t\t\t<div class=\"elementor-widget-wrap elementor-element-populated\">\n\t\t\t\t\t\t<div class=\"elementor-element elementor-element-7fe4dde4 elementor-widget elementor-widget-heading\" data-id=\"7fe4dde4\" data-element_type=\"widget\" data-e-type=\"widget\" data-widget_type=\"heading.default\">\n\t\t\t\t<div class=\"elementor-widget-container\">\n\t\t\t\t\t<h1 class=\"elementor-heading-title elementor-size-default\">Avviso legale<\/h1>\t\t\t\t<\/div>\n\t\t\t\t<\/div>\n\t\t\t\t<div class=\"elementor-element elementor-element-1ddfb609 elementor-widget elementor-widget-text-editor\" data-id=\"1ddfb609\" data-element_type=\"widget\" data-e-type=\"widget\" data-widget_type=\"text-editor.default\">\n\t\t\t\t<div class=\"elementor-widget-container\">\n\t\t\t\t\t\t\t\t\t<p><b>Il sito web vtcannecy.fr \u00e8 pubblicato da:<\/b><\/p><p>WebAudit Francia<br \/>6 avenue Jean Jaur\u00e8s, 73000 Chamb\u00e9ry<br \/>Societ\u00e0 a responsabilit\u00e0 limitata con capitale di 600 \u20ac<br \/>RCS Chamb\u00e9ry 823 628 698<br \/>contact(@)webaudit.fr<\/p><p><b>Il sito web vtcannecy.fr \u00e8 pubblicato per: <\/b><\/p><p>Nome dell&#039;azienda: FORMULESPRO<br \/>Nome commerciale: Oui VTC Annecy<br \/>Indirizzo: 751 ROUTE DE LA BLONNIERE 74230 DINGY-SAINT-CLAIR<br \/>SIRET: 49998910100047<br \/>Partita IVA: FR55499989101<br \/>Data di creazione: 20\/09\/2007<br \/>Capitale sociale: \u20ac 15.000,00<br \/>Direttore editoriale: JEAN-CHRISTOPHE REY<br \/>Telefono: +33 6 62 40 30 40<\/p><p>Il sito web del tuo autista privato ad Annecy \u00e8 stato creato dal team di\u00a0\u00a0<a href=\"https:\/\/webaudit.fr\/vtc\" target=\"_blank\" rel=\"noopener\">Webaudit, specialisti nella creazione di siti web per autisti privati<\/a>\u00a0con referenziazione naturale.<\/p><p>Scopri di pi\u00f9 su\u00a0<a href=\"https:\/\/annuaire-vtc-france.fr\/\">annuaire-vtc-france.fr<\/a> tutti <a href=\"https:\/\/annuaire-vtc-france.fr\/vtc-74-haute-savoie\/\"><u>Noleggio con conducente (VTC) in Alta Savoia.<\/u><\/a><\/p><p><b>Fornitore di hosting:<\/b><\/p><p>Infomaniak Network SA<br \/>25 Rue Eug\u00e8ne Marziano<br \/>1227 Les Acacias (GE)<br \/>Registro di commercio del Cantone di Ginevra: CH-660.0.059.996-1<br \/>Numero IDE: CHE-103.167.648<br \/>Partita IVA: CHE-103.167.648<\/p><p><b>Regolamento GDPR, protezione dei dati e utilizzo dei cookie:<\/b><\/p><p>In conformit\u00e0 con i requisiti del Regolamento Generale sulla Protezione dei Dati (GDPR), ci impegniamo a garantire la trasparenza e la protezione dei tuoi dati personali. Per una chiara comprensione di come raccogliamo, utilizziamo e proteggiamo i tuoi dati, nonch\u00e9 del nostro utilizzo dei cookie per migliorare la tua esperienza sul nostro sito web, ti preghiamo di consultare la nostra informativa sulla privacy. <a href=\"#gdpr_cookie_modal\">Centro informazioni GDPR e Cookie<\/a>.<\/p><p style=\"text-align: justify;\">Cliccando su questo link, avrai accesso alla nostra Informativa sulla privacy e alla nostra Politica sui cookie, che illustrano dettagliatamente le nostre pratiche di protezione dei dati e di utilizzo dei cookie, nonch\u00e9 i tuoi diritti e le tue scelte in merito a tali informazioni.<\/p><p><b>Propriet\u00e0 intellettuale<\/b><\/p><p>Tutti i contenuti di questo sito, inclusi, a titolo esemplificativo ma non esaustivo, grafici, immagini, testi, video, animazioni, suoni, loghi, gif e icone, nonch\u00e9 la loro formattazione, sono di propriet\u00e0 esclusiva di WEBAUDIT FRANCE SARL, ad eccezione di marchi, loghi o contenuti appartenenti ad altre societ\u00e0 partner o autori.<br \/>Qualsiasi riproduzione, distribuzione, modifica, adattamento, ritrasmissione o pubblicazione, anche parziale, di questi elementi \u00e8 severamente vietata senza l&#039;espresso consenso scritto di WEBAUDIT FRANCE SARL. Tale rappresentazione o riproduzione, con qualsiasi mezzo, costituisce una violazione del diritto d&#039;autore punibile ai sensi degli articoli L.335-2 e seguenti del Codice della Propriet\u00e0 Intellettuale francese. Il mancato rispetto di tale divieto costituisce una violazione del diritto d&#039;autore e pu\u00f2 comportare sanzioni civili e penali. Inoltre, i proprietari dei contenuti copiati possono intraprendere azioni legali nei loro confronti.<\/p>\t\t\t\t\t\t\t\t<\/div>\n\t\t\t\t<\/div>\n\t\t\t\t\t<\/div>\n\t\t<\/div>\n\t\t\t\t\t<\/div>\n\t\t<\/section>\n\t\t\t\t<\/div>","protected":false},"excerpt":{"rendered":"<p>Mentions l\u00e9gales Le site vtcannecy.fr est \u00e9dit\u00e9 par : WebAudit France6 avenue Jean Jaur\u00e8s, 73000 Chamb\u00e9rySARL au capital de 600\u20acRCS Chamb\u00e9ry 823 628 698contact(@)webaudit.fr Le site vtcannecy.fr est \u00e9dit\u00e9 pour : Raison sociale\u202f: FORMULESPRONom commercial\u202f: Oui VTC AnnecyAdresse\u202f: 751 ROUTE DE LA BLONNIERE 74230 DINGY-SAINT-CLAIRSIRET\u202f: 49998910100047Num\u00e9ro de TVA\u202f: FR55499989101Date de cr\u00e9ation\u202f: 20\/09\/2007Capital social\u202f: 15 000,00 [&hellip;]<\/p>\n","protected":false},"author":1,"featured_media":0,"parent":0,"menu_order":0,"comment_status":"closed","ping_status":"closed","template":"elementor_header_footer","meta":{"footnotes":""},"class_list":["post-28852","page","type-page","status-publish","hentry"],"yoast_head":"<!-- This site is optimized with the Yoast SEO plugin v27.2 - https:\/\/yoast.com\/product\/yoast-seo-wordpress\/ -->\n<title>Mentions L\u00e9gales - Oui VTC Annecy<\/title>\n<meta name=\"robots\" content=\"index, follow, max-snippet:-1, max-image-preview:large, max-video-preview:-1\" \/>\n<link rel=\"canonical\" href=\"https:\/\/vtcannecy.fr\/it\/note-legali\/\" \/>\n<meta property=\"og:locale\" content=\"it_IT\" \/>\n<meta property=\"og:type\" content=\"article\" \/>\n<meta property=\"og:title\" content=\"Mentions L\u00e9gales - Oui VTC Annecy\" \/>\n<meta property=\"og:description\" content=\"Mentions l\u00e9gales Le site vtcannecy.fr est \u00e9dit\u00e9 par : WebAudit France6 avenue Jean Jaur\u00e8s, 73000 Chamb\u00e9rySARL au capital de 600\u20acRCS Chamb\u00e9ry 823 628 698contact(@)webaudit.fr Le site vtcannecy.fr est \u00e9dit\u00e9 pour : Raison sociale\u202f: FORMULESPRONom commercial\u202f: Oui VTC AnnecyAdresse\u202f: 751 ROUTE DE LA BLONNIERE 74230 DINGY-SAINT-CLAIRSIRET\u202f: 49998910100047Num\u00e9ro de TVA\u202f: FR55499989101Date de cr\u00e9ation\u202f: 20\/09\/2007Capital social\u202f: 15 000,00 [&hellip;]\" \/>\n<meta property=\"og:url\" content=\"https:\/\/vtcannecy.fr\/it\/note-legali\/\" \/>\n<meta property=\"og:site_name\" content=\"Oui VTC Annecy\" \/>\n<meta property=\"article:modified_time\" content=\"2025-01-30T09:42:30+00:00\" \/>\n<meta name=\"twitter:card\" content=\"summary_large_image\" \/>\n<meta name=\"twitter:label1\" content=\"Tempo di lettura stimato\" \/>\n\t<meta name=\"twitter:data1\" content=\"3 minuti\" \/>\n<script type=\"application\/ld+json\" class=\"yoast-schema-graph\">{\"@context\":\"https:\/\/schema.org\",\"@graph\":[{\"@type\":\"WebPage\",\"@id\":\"https:\/\/vtcannecy.fr\/mentions-legales\/\",\"url\":\"https:\/\/vtcannecy.fr\/mentions-legales\/\",\"name\":\"Mentions L\u00e9gales - Oui VTC Annecy\",\"isPartOf\":{\"@id\":\"https:\/\/vtcannecy.fr\/#website\"},\"datePublished\":\"2024-01-19T07:18:34+00:00\",\"dateModified\":\"2025-01-30T09:42:30+00:00\",\"breadcrumb\":{\"@id\":\"https:\/\/vtcannecy.fr\/mentions-legales\/#breadcrumb\"},\"inLanguage\":\"it-IT\",\"potentialAction\":[{\"@type\":\"ReadAction\",\"target\":[\"https:\/\/vtcannecy.fr\/mentions-legales\/\"]}]},{\"@type\":\"BreadcrumbList\",\"@id\":\"https:\/\/vtcannecy.fr\/mentions-legales\/#breadcrumb\",\"itemListElement\":[{\"@type\":\"ListItem\",\"position\":1,\"name\":\"Accueil\",\"item\":\"https:\/\/vtcannecy.fr\/\"},{\"@type\":\"ListItem\",\"position\":2,\"name\":\"Mentions L\u00e9gales\"}]},{\"@type\":\"WebSite\",\"@id\":\"https:\/\/vtcannecy.fr\/#website\",\"url\":\"https:\/\/vtcannecy.fr\/\",\"name\":\"Oui VTC Annecy\",\"description\":\"R\u00e9server Chauffeur priv\u00e9 VTC \u00e0 Annecy et en Haute-Savoie de 1 \u00e0 8 passagers pour tout type de transfert\",\"publisher\":{\"@id\":\"https:\/\/vtcannecy.fr\/#organization\"},\"potentialAction\":[{\"@type\":\"SearchAction\",\"target\":{\"@type\":\"EntryPoint\",\"urlTemplate\":\"https:\/\/vtcannecy.fr\/?s={search_term_string}\"},\"query-input\":{\"@type\":\"PropertyValueSpecification\",\"valueRequired\":true,\"valueName\":\"search_term_string\"}}],\"inLanguage\":\"it-IT\"},{\"@type\":\"Organization\",\"@id\":\"https:\/\/vtcannecy.fr\/#organization\",\"name\":\"Oui VTC Annecy\",\"url\":\"https:\/\/vtcannecy.fr\/\",\"logo\":{\"@type\":\"ImageObject\",\"inLanguage\":\"it-IT\",\"@id\":\"https:\/\/vtcannecy.fr\/#\/schema\/logo\/image\/\",\"url\":\"https:\/\/vtcannecy.fr\/wp-content\/uploads\/cropped-logo-oui-vtc-annecy-1.webp\",\"contentUrl\":\"https:\/\/vtcannecy.fr\/wp-content\/uploads\/cropped-logo-oui-vtc-annecy-1.webp\",\"width\":500,\"height\":332,\"caption\":\"Oui VTC Annecy\"},\"image\":{\"@id\":\"https:\/\/vtcannecy.fr\/#\/schema\/logo\/image\/\"}}]}<\/script>\n<!-- \/ Yoast SEO plugin. -->","yoast_head_json":{"title":"Note legali - S\u00ec VTC Annecy","robots":{"index":"index","follow":"follow","max-snippet":"max-snippet:-1","max-image-preview":"max-image-preview:large","max-video-preview":"max-video-preview:-1"},"canonical":"https:\/\/vtcannecy.fr\/it\/note-legali\/","og_locale":"it_IT","og_type":"article","og_title":"Mentions L\u00e9gales - Oui VTC Annecy","og_description":"Mentions l\u00e9gales Le site vtcannecy.fr est \u00e9dit\u00e9 par : WebAudit France6 avenue Jean Jaur\u00e8s, 73000 Chamb\u00e9rySARL au capital de 600\u20acRCS Chamb\u00e9ry 823 628 698contact(@)webaudit.fr Le site vtcannecy.fr est \u00e9dit\u00e9 pour : Raison sociale\u202f: FORMULESPRONom commercial\u202f: Oui VTC AnnecyAdresse\u202f: 751 ROUTE DE LA BLONNIERE 74230 DINGY-SAINT-CLAIRSIRET\u202f: 49998910100047Num\u00e9ro de TVA\u202f: FR55499989101Date de cr\u00e9ation\u202f: 20\/09\/2007Capital social\u202f: 15 000,00 [&hellip;]","og_url":"https:\/\/vtcannecy.fr\/it\/note-legali\/","og_site_name":"Oui VTC Annecy","article_modified_time":"2025-01-30T09:42:30+00:00","twitter_card":"summary_large_image","twitter_misc":{"Tempo di lettura stimato":"3 minuti"},"schema":{"@context":"https:\/\/schema.org","@graph":[{"@type":"WebPage","@id":"https:\/\/vtcannecy.fr\/mentions-legales\/","url":"https:\/\/vtcannecy.fr\/mentions-legales\/","name":"Note legali - S\u00ec VTC Annecy","isPartOf":{"@id":"https:\/\/vtcannecy.fr\/#website"},"datePublished":"2024-01-19T07:18:34+00:00","dateModified":"2025-01-30T09:42:30+00:00","breadcrumb":{"@id":"https:\/\/vtcannecy.fr\/mentions-legales\/#breadcrumb"},"inLanguage":"it-IT","potentialAction":[{"@type":"ReadAction","target":["https:\/\/vtcannecy.fr\/mentions-legales\/"]}]},{"@type":"BreadcrumbList","@id":"https:\/\/vtcannecy.fr\/mentions-legales\/#breadcrumb","itemListElement":[{"@type":"ListItem","position":1,"name":"Accueil","item":"https:\/\/vtcannecy.fr\/"},{"@type":"ListItem","position":2,"name":"Mentions L\u00e9gales"}]},{"@type":"WebSite","@id":"https:\/\/vtcannecy.fr\/#website","url":"https:\/\/vtcannecy.fr\/","name":"Autista privato ad Annecy - Tutte le distanze","description":"Prenota un&#039;auto privata con autista ad Annecy e in Alta Savoia per 1-8 passeggeri per qualsiasi tipo di trasferimento","publisher":{"@id":"https:\/\/vtcannecy.fr\/#organization"},"potentialAction":[{"@type":"SearchAction","target":{"@type":"EntryPoint","urlTemplate":"https:\/\/vtcannecy.fr\/?s={search_term_string}"},"query-input":{"@type":"PropertyValueSpecification","valueRequired":true,"valueName":"search_term_string"}}],"inLanguage":"it-IT"},{"@type":"Organization","@id":"https:\/\/vtcannecy.fr\/#organization","name":"Autista privato ad Annecy - Tutte le distanze","url":"https:\/\/vtcannecy.fr\/","logo":{"@type":"ImageObject","inLanguage":"it-IT","@id":"https:\/\/vtcannecy.fr\/#\/schema\/logo\/image\/","url":"https:\/\/vtcannecy.fr\/wp-content\/uploads\/cropped-logo-oui-vtc-annecy-1.webp","contentUrl":"https:\/\/vtcannecy.fr\/wp-content\/uploads\/cropped-logo-oui-vtc-annecy-1.webp","width":500,"height":332,"caption":"Oui VTC Annecy"},"image":{"@id":"https:\/\/vtcannecy.fr\/#\/schema\/logo\/image\/"}}]}},"_links":{"self":[{"href":"https:\/\/vtcannecy.fr\/it\/wp-json\/wp\/v2\/pages\/28852","targetHints":{"allow":["GET"]}}],"collection":[{"href":"https:\/\/vtcannecy.fr\/it\/wp-json\/wp\/v2\/pages"}],"about":[{"href":"https:\/\/vtcannecy.fr\/it\/wp-json\/wp\/v2\/types\/page"}],"author":[{"embeddable":true,"href":"https:\/\/vtcannecy.fr\/it\/wp-json\/wp\/v2\/users\/1"}],"replies":[{"embeddable":true,"href":"https:\/\/vtcannecy.fr\/it\/wp-json\/wp\/v2\/comments?post=28852"}],"version-history":[{"count":0,"href":"https:\/\/vtcannecy.fr\/it\/wp-json\/wp\/v2\/pages\/28852\/revisions"}],"wp:attachment":[{"href":"https:\/\/vtcannecy.fr\/it\/wp-json\/wp\/v2\/media?parent=28852"}],"curies":[{"name":"parola chiave","href":"https:\/\/api.w.org\/{rel}","templated":true}]}}